{"id":22,"date":"2017-09-28T12:17:16","date_gmt":"2017-09-28T12:17:16","guid":{"rendered":"http:\/\/www.sborissimo.cz\/?page_id=22"},"modified":"2026-04-20T07:29:45","modified_gmt":"2026-04-20T07:29:45","slug":"koncerty","status":"publish","type":"page","link":"https:\/\/www.sborissimo.cz\/index.php\/koncerty\/","title":{"rendered":"KONCERTY"},"content":{"rendered":"<p>Srde\u010dn\u011b v\u00e1s zveme na na\u0161e koncerty:<\/p>\n<p>29.&nbsp;5. Noc kostel\u016f, P\u00edsek<\/p>\n<p>&nbsp;<\/p>\n<p>Na\u0161e minul\u00e9 koncerty si m\u016f\u017eete p\u0159ipomenout v&nbsp;<a href=\"http:\/\/www.sborissimo.cz\/index.php\/galerie\/\">Galerii<\/a>.<\/p>\n<p>P\u0159ejeme V\u00e1m, a\u0165 je V\u00e1m st\u00e1le do zp\u011bvu a&nbsp;t\u011b\u0161\u00edme se na dal\u0161\u00ed melodick\u00e1 setk\u00e1n\u00ed!<\/p>\n\n\n<figure class=\"wp-block-gallery has-nested-images columns-default is-cropped wp-block-gallery-1 is-layout-flex wp-block-gallery-is-layout-flex\"><\/figure>\n\n\n\n<p><\/p>\n\n\n\n<p><\/p>\n\n\n\n<figure class=\"wp-block-image size-large\"><img data-recalc-dims=\"1\" loading=\"lazy\" decoding=\"async\" width=\"620\" height=\"569\" data-attachment-id=\"3537\" data-permalink=\"https:\/\/www.sborissimo.cz\/index.php\/2026\/01\/31\/rok-2025-v-nasem-sboru\/847445ae-02c7-4910-99c3-47f42c47622b\/#main\" data-orig-file=\"https:\/\/i0.wp.com\/www.sborissimo.cz\/wp-content\/uploads\/2026\/01\/847445ae-02c7-4910-99c3-47f42c47622b.jpeg?fit=1600%2C1469&amp;ssl=1\" data-orig-size=\"1600,1469\" data-comments-opened=\"1\" data-image-meta=\"{&quot;aperture&quot;:&quot;0&quot;,&quot;credit&quot;:&quot;&quot;,&quot;camera&quot;:&quot;&quot;,&quot;caption&quot;:&quot;&quot;,&quot;created_timestamp&quot;:&quot;1749926090&quot;,&quot;copyright&quot;:&quot;&quot;,&quot;focal_length&quot;:&quot;0&quot;,&quot;iso&quot;:&quot;0&quot;,&quot;shutter_speed&quot;:&quot;0&quot;,&quot;title&quot;:&quot;&quot;,&quot;orientation&quot;:&quot;0&quot;}\" data-image-title=\"847445ae-02c7-4910-99c3-47f42c47622b\" data-image-description=\"\" data-image-caption=\"\" data-medium-file=\"https:\/\/i0.wp.com\/www.sborissimo.cz\/wp-content\/uploads\/2026\/01\/847445ae-02c7-4910-99c3-47f42c47622b.jpeg?fit=300%2C275&amp;ssl=1\" data-large-file=\"https:\/\/i0.wp.com\/www.sborissimo.cz\/wp-content\/uploads\/2026\/01\/847445ae-02c7-4910-99c3-47f42c47622b.jpeg?fit=620%2C569&amp;ssl=1\" src=\"https:\/\/i0.wp.com\/www.sborissimo.cz\/wp-content\/uploads\/2026\/01\/847445ae-02c7-4910-99c3-47f42c47622b.jpeg?resize=620%2C569\" alt=\"\" class=\"wp-image-3537\" srcset=\"https:\/\/i0.wp.com\/www.sborissimo.cz\/wp-content\/uploads\/2026\/01\/847445ae-02c7-4910-99c3-47f42c47622b.jpeg?resize=1024%2C940&amp;ssl=1 1024w, https:\/\/i0.wp.com\/www.sborissimo.cz\/wp-content\/uploads\/2026\/01\/847445ae-02c7-4910-99c3-47f42c47622b.jpeg?resize=300%2C275&amp;ssl=1 300w, https:\/\/i0.wp.com\/www.sborissimo.cz\/wp-content\/uploads\/2026\/01\/847445ae-02c7-4910-99c3-47f42c47622b.jpeg?resize=768%2C705&amp;ssl=1 768w, https:\/\/i0.wp.com\/www.sborissimo.cz\/wp-content\/uploads\/2026\/01\/847445ae-02c7-4910-99c3-47f42c47622b.jpeg?resize=1536%2C1410&amp;ssl=1 1536w, https:\/\/i0.wp.com\/www.sborissimo.cz\/wp-content\/uploads\/2026\/01\/847445ae-02c7-4910-99c3-47f42c47622b.jpeg?resize=414%2C380&amp;ssl=1 414w, https:\/\/i0.wp.com\/www.sborissimo.cz\/wp-content\/uploads\/2026\/01\/847445ae-02c7-4910-99c3-47f42c47622b.jpeg?w=1600&amp;ssl=1 1600w, https:\/\/i0.wp.com\/www.sborissimo.cz\/wp-content\/uploads\/2026\/01\/847445ae-02c7-4910-99c3-47f42c47622b.jpeg?w=1240 1240w\" sizes=\"auto, (max-width: 620px) 100vw, 620px\" \/><\/figure>\n\n\n\n<hr class=\"wp-block-separator has-css-opacity\"\/>\n\n\n\n<div class=\"wp-block-columns has-2-columns is-layout-flex wp-container-core-columns-is-layout-9d6595d7 wp-block-columns-is-layout-flex\">\n<div class=\"wp-block-column is-layout-flow wp-block-column-is-layout-flow\"><\/div>\n\n\n\n<div class=\"wp-block-column is-layout-flow wp-block-column-is-layout-flow\"><\/div>\n<\/div>\n\n\n\n<hr class=\"wp-block-separator has-css-opacity\"\/>\n\n\n\n<div class=\"wp-block-columns has-2-columns is-layout-flex wp-container-core-columns-is-layout-9d6595d7 wp-block-columns-is-layout-flex\">\n<div class=\"wp-block-column is-layout-flow wp-block-column-is-layout-flow\">\n<p><\/p>\n<\/div>\n\n\n\n<div class=\"wp-block-column is-layout-flow wp-block-column-is-layout-flow\"><\/div>\n<\/div>\n","protected":false},"excerpt":{"rendered":"<p>Srde\u010dn\u011b v\u00e1s zveme na na\u0161e koncerty: 29.&nbsp;5. Noc kostel\u016f, P\u00edsek &nbsp; Na\u0161e minul\u00e9 koncerty si m\u016f\u017eete p\u0159ipomenout v&nbsp;Galerii. P\u0159ejeme V\u00e1m, a\u0165 je V\u00e1m st\u00e1le do zp\u011bvu a&nbsp;t\u011b\u0161\u00edme se na dal\u0161\u00ed melodick\u00e1 setk\u00e1n\u00ed!<\/p>\n","protected":false},"author":1,"featured_media":1523,"parent":0,"menu_order":1,"comment_status":"closed","ping_status":"closed","template":"page-templates\/grid-page.php","meta":{"jetpack_post_was_ever_published":false,"footnotes":""},"class_list":["post-22","page","type-page","status-publish","has-post-thumbnail","hentry","with-featured-image"],"jetpack_sharing_enabled":true,"jetpack_shortlink":"https:\/\/wp.me\/P9ffX1-m","jetpack_likes_enabled":true,"jetpack-related-posts":[{"id":15,"url":"https:\/\/www.sborissimo.cz\/","url_meta":{"origin":22,"position":0},"title":"Zp\u00edvejte si s&nbsp;n\u00e1mi","author":"sborissimo","date":"28. 9. 2017","format":false,"excerpt":"Sborissimo je sm\u00ed\u0161en\u00fd p\u011bveck\u00fd sbor z P\u00edsku, kter\u00fd pracuje pod veden\u00edm sbormistryn\u011b Lenky Halamov\u00e9.","rel":"","context":"Similar post","block_context":{"text":"Similar post","link":""},"img":{"alt_text":"","src":"https:\/\/i0.wp.com\/www.sborissimo.cz\/wp-content\/uploads\/2025\/03\/Sborissimo-uvod_P%C3%ADsek.png?fit=1200%2C675&ssl=1&resize=350%2C200","width":350,"height":200,"srcset":"https:\/\/i0.wp.com\/www.sborissimo.cz\/wp-content\/uploads\/2025\/03\/Sborissimo-uvod_P%C3%ADsek.png?fit=1200%2C675&ssl=1&resize=350%2C200 1x, https:\/\/i0.wp.com\/www.sborissimo.cz\/wp-content\/uploads\/2025\/03\/Sborissimo-uvod_P%C3%ADsek.png?fit=1200%2C675&ssl=1&resize=525%2C300 1.5x, https:\/\/i0.wp.com\/www.sborissimo.cz\/wp-content\/uploads\/2025\/03\/Sborissimo-uvod_P%C3%ADsek.png?fit=1200%2C675&ssl=1&resize=700%2C400 2x, https:\/\/i0.wp.com\/www.sborissimo.cz\/wp-content\/uploads\/2025\/03\/Sborissimo-uvod_P%C3%ADsek.png?fit=1200%2C675&ssl=1&resize=1050%2C600 3x"},"classes":[]},{"id":75,"url":"https:\/\/www.sborissimo.cz\/index.php\/galerie\/","url_meta":{"origin":22,"position":1},"title":"GALERIE","author":"sborissimo","date":"3. 10. 2017","format":false,"excerpt":"P\u0159ipome\u0148te si s n\u00e1mi koncerty a setk\u00e1n\u00ed na fotk\u00e1ch a vide\u00edch","rel":"","context":"Similar post","block_context":{"text":"Similar post","link":""},"img":{"alt_text":"fotky a videa","src":"https:\/\/i0.wp.com\/www.sborissimo.cz\/wp-content\/uploads\/2017\/10\/SB_web_FI_galerie.png?fit=1180%2C250&ssl=1&resize=350%2C200","width":350,"height":200,"srcset":"https:\/\/i0.wp.com\/www.sborissimo.cz\/wp-content\/uploads\/2017\/10\/SB_web_FI_galerie.png?fit=1180%2C250&ssl=1&resize=350%2C200 1x, https:\/\/i0.wp.com\/www.sborissimo.cz\/wp-content\/uploads\/2017\/10\/SB_web_FI_galerie.png?fit=1180%2C250&ssl=1&resize=525%2C300 1.5x, https:\/\/i0.wp.com\/www.sborissimo.cz\/wp-content\/uploads\/2017\/10\/SB_web_FI_galerie.png?fit=1180%2C250&ssl=1&resize=700%2C400 2x, https:\/\/i0.wp.com\/www.sborissimo.cz\/wp-content\/uploads\/2017\/10\/SB_web_FI_galerie.png?fit=1180%2C250&ssl=1&resize=1050%2C600 3x"},"classes":[]},{"id":68,"url":"https:\/\/www.sborissimo.cz\/index.php\/harmonogram\/","url_meta":{"origin":22,"position":2},"title":"HARMONOGRAM","author":"sborissimo","date":"3. 10. 2017","format":false,"excerpt":"ZKOU\u0160KY ka\u017ed\u00fd p\u00e1tek 16:15 - 18:15, d\u016fm U Koul\u00ed P\u00edsek, Fr\u00e1ni \u0160r\u00e1mka 131\/23, P\u00edsek SOUST\u0158ED\u011aN\u00cd 9:30 - 13:00 8. 2. D\u016fm U Koul\u00ed, P\u00edsek 28. 2. DDM \u0160vantlova 21. 3. 25. 4. 23. 5. KONCERTY 2026 16. 4. Spole\u010dn\u00fd koncert se sborem \u010chavorenge a Idou Kelarovou, P\u00edsek \u2013 Trojice, od\u2026","rel":"","context":"Similar post","block_context":{"text":"Similar post","link":""},"img":{"alt_text":"","src":"https:\/\/i0.wp.com\/www.sborissimo.cz\/wp-content\/uploads\/2017\/10\/SB_web_FI_zkou%C5%A1ky-1.png?fit=1180%2C250&ssl=1&resize=350%2C200","width":350,"height":200,"srcset":"https:\/\/i0.wp.com\/www.sborissimo.cz\/wp-content\/uploads\/2017\/10\/SB_web_FI_zkou%C5%A1ky-1.png?fit=1180%2C250&ssl=1&resize=350%2C200 1x, https:\/\/i0.wp.com\/www.sborissimo.cz\/wp-content\/uploads\/2017\/10\/SB_web_FI_zkou%C5%A1ky-1.png?fit=1180%2C250&ssl=1&resize=525%2C300 1.5x, https:\/\/i0.wp.com\/www.sborissimo.cz\/wp-content\/uploads\/2017\/10\/SB_web_FI_zkou%C5%A1ky-1.png?fit=1180%2C250&ssl=1&resize=700%2C400 2x, https:\/\/i0.wp.com\/www.sborissimo.cz\/wp-content\/uploads\/2017\/10\/SB_web_FI_zkou%C5%A1ky-1.png?fit=1180%2C250&ssl=1&resize=1050%2C600 3x"},"classes":[]},{"id":3280,"url":"https:\/\/www.sborissimo.cz\/index.php\/pro-nas\/repertoar\/vanoce-2\/na-nebi-andele\/","url_meta":{"origin":22,"position":3},"title":"Na nebi and\u011bl\u00e9","author":"sborissimo","date":"2. 10. 2025","format":false,"excerpt":"Na nebi and\u011bl\u00e9 - notySt\u00e1hnout Sopran Sopran + sbor Alt Alt + sbor Tenor Tenor + sbor Bas 1 Bas 1 + sbor Bas 2 Bas 2 + sbor SBOR","rel":"","context":"Similar post","block_context":{"text":"Similar post","link":""},"img":{"alt_text":"","src":"","width":0,"height":0},"classes":[]},{"id":3411,"url":"https:\/\/www.sborissimo.cz\/index.php\/pro-nas\/repertoar\/vanoce-2\/na-svjatyj-vecir\/","url_meta":{"origin":22,"position":4},"title":"Na svjatyj ve\u010dir","author":"sborissimo","date":"9. 11. 2025","format":false,"excerpt":"Na svjatyj ve\u010dir - notySt\u00e1hnout Sopran - s\u00f3lo + sbor Sopran 1 + sbor Sopran 2 + sbor Alt - solo + sbor Alt + sbor Tenor + sbor Bas - solo + sbor Bas 1 + sbor Bas 2 + sbor SBOR","rel":"","context":"Similar post","block_context":{"text":"Similar post","link":""},"img":{"alt_text":"","src":"","width":0,"height":0},"classes":[]},{"id":3174,"url":"https:\/\/www.sborissimo.cz\/index.php\/workshop-ida-kelarova\/","url_meta":{"origin":22,"position":5},"title":"Zp\u00edvej srdcem","author":"sborissimo","date":"28. 8. 2025","format":false,"excerpt":"Zp\u00edvat um\u00ed \u00fapln\u011b ka\u017ed\u00fd, tvrd\u00ed Ida Kelarov\u00e1 v\u0161em sv\u00fdm p\u0159\u00edznivc\u016fm. Chcete se o tom p\u0159esv\u011bd\u010dit na vlastn\u00ed hlasivky? Nyn\u00ed m\u00e1te ojedin\u011blou mo\u017enost - Ida p\u0159ijede k n\u00e1m do P\u00edsku se sv\u00fdm hlasov\u00fdm workshopem, na kter\u00fd se m\u016f\u017eete p\u0159ihl\u00e1sit i vy. Co v\u00e1s \u010dek\u00e1? t\u0159i dny spole\u010dn\u00e9ho zp\u00edv\u00e1n\u00ed - souzn\u011bn\u00ed -\u2026","rel":"","context":"Similar post","block_context":{"text":"Similar post","link":""},"img":{"alt_text":"","src":"https:\/\/i0.wp.com\/www.sborissimo.cz\/wp-content\/uploads\/2025\/08\/Ida-Kelarova-web-3.jpg?fit=1075%2C718&ssl=1&resize=350%2C200","width":350,"height":200,"srcset":"https:\/\/i0.wp.com\/www.sborissimo.cz\/wp-content\/uploads\/2025\/08\/Ida-Kelarova-web-3.jpg?fit=1075%2C718&ssl=1&resize=350%2C200 1x, https:\/\/i0.wp.com\/www.sborissimo.cz\/wp-content\/uploads\/2025\/08\/Ida-Kelarova-web-3.jpg?fit=1075%2C718&ssl=1&resize=525%2C300 1.5x, https:\/\/i0.wp.com\/www.sborissimo.cz\/wp-content\/uploads\/2025\/08\/Ida-Kelarova-web-3.jpg?fit=1075%2C718&ssl=1&resize=700%2C400 2x, https:\/\/i0.wp.com\/www.sborissimo.cz\/wp-content\/uploads\/2025\/08\/Ida-Kelarova-web-3.jpg?fit=1075%2C718&ssl=1&resize=1050%2C600 3x"},"classes":[]}],"_links":{"self":[{"href":"https:\/\/www.sborissimo.cz\/index.php\/wp-json\/wp\/v2\/pages\/22","targetHints":{"allow":["GET"]}}],"collection":[{"href":"https:\/\/www.sborissimo.cz\/index.php\/wp-json\/wp\/v2\/pages"}],"about":[{"href":"https:\/\/www.sborissimo.cz\/index.php\/wp-json\/wp\/v2\/types\/page"}],"author":[{"embeddable":true,"href":"https:\/\/www.sborissimo.cz\/index.php\/wp-json\/wp\/v2\/users\/1"}],"replies":[{"embeddable":true,"href":"https:\/\/www.sborissimo.cz\/index.php\/wp-json\/wp\/v2\/comments?post=22"}],"version-history":[{"count":112,"href":"https:\/\/www.sborissimo.cz\/index.php\/wp-json\/wp\/v2\/pages\/22\/revisions"}],"predecessor-version":[{"id":3664,"href":"https:\/\/www.sborissimo.cz\/index.php\/wp-json\/wp\/v2\/pages\/22\/revisions\/3664"}],"wp:featuredmedia":[{"embeddable":true,"href":"https:\/\/www.sborissimo.cz\/index.php\/wp-json\/wp\/v2\/media\/1523"}],"wp:attachment":[{"href":"https:\/\/www.sborissimo.cz\/index.php\/wp-json\/wp\/v2\/media?parent=22"}],"curies":[{"name":"wp","href":"https:\/\/api.w.org\/{rel}","templated":true}]}}